{"id":3412,"date":"2026-09-04T21:40:56","date_gmt":"2026-09-05T00:40:56","guid":{"rendered":"https:\/\/camposenentrerios.com\/?page_id=3412"},"modified":"2026-09-04T21:41:33","modified_gmt":"2026-09-05T00:41:33","slug":"vender-mi-campo-en-entre-rios","status":"publish","type":"page","link":"https:\/\/camposenentrerios.com\/en\/vender-mi-campo-en-entre-rios\/","title":{"rendered":"Vender mi Campo en Entre R\u00edos"},"content":{"rendered":"\n<div style=\"\n  background-color: #efece3;\n  border-left: 5px solid #92825e;\n  border-radius: 0 8px 8px 0;\n  padding: 16px 20px;\n  margin: 20px 0;\n  box-sizing: border-box;\n\">\n  <p style=\"\n    margin: 0;\n    font-size: 1.05rem;\n    line-height: 1.6;\n    color: #2b2b2b;\n  \">\n    <strong>Campos en Entre R\u00edos<\/strong> acompa\u00f1a la <strong>venta de campos, chacras y establecimientos agropecuarios<\/strong> en toda la provincia, con base en <strong>Oro Verde (Paran\u00e1)<\/strong>. El servicio combina evaluaci\u00f3n t\u00e9cnica de la propiedad, gesti\u00f3n documental, marketing con fotograf\u00eda a\u00e9rea, acceso a una cartera de contactos e inversores, y acompa\u00f1amiento en la negociaci\u00f3n \u2014 pensado tanto para quien planifica la venta con tiempo como para quien necesita <strong>vender su campo con urgencia<\/strong>.\n  <\/p>\n<\/div>\n\n\n\n<div class=\"wp-block-uagb-buttons uagb-buttons__outer-wrap uagb-btn__default-btn uagb-btn-tablet__default-btn uagb-btn-mobile__default-btn uagb-block-ef01943c\"><div class=\"uagb-buttons__wrap uagb-buttons-layout-wrap \">\n<div class=\"wp-block-uagb-buttons-child uagb-buttons__outer-wrap uagb-block-b57e2b95 wp-block-button\"><div class=\"uagb-button__wrapper\"><a class=\"uagb-buttons-repeater wp-block-button__link\" aria-label=\"\" href=\"#venta\" rel=\"follow noopener\" target=\"_self\" role=\"button\"><div class=\"uagb-button__link\">Ver como trabajamos<\/div><\/a><\/div><\/div>\n\n\n\n<div class=\"wp-block-uagb-buttons-child uagb-buttons__outer-wrap uagb-block-25a29819 wp-block-button\"><div class=\"uagb-button__wrapper\"><a class=\"uagb-buttons-repeater wp-block-button__link\" aria-label=\"\" href=\"https:\/\/wa.me\/5493434718158\" rel=\"follow noopener\" target=\"_self\" role=\"button\"><div class=\"uagb-button__link\">Hablar por WhatsApp<\/div><span class=\"uagb-button__icon uagb-button__icon-position-after\"><svg xmlns=\"https:\/\/www.w3.org\/2000\/svg\" viewBox=\"0 0 448 512\" aria-hidden=\"true\" focussable=\"false\"><path d=\"M438.6 278.6l-160 160C272.4 444.9 264.2 448 256 448s-16.38-3.125-22.62-9.375c-12.5-12.5-12.5-32.75 0-45.25L338.8 288H32C14.33 288 .0016 273.7 .0016 256S14.33 224 32 224h306.8l-105.4-105.4c-12.5-12.5-12.5-32.75 0-45.25s32.75-12.5 45.25 0l160 160C451.1 245.9 451.1 266.1 438.6 278.6z\"><\/path><\/svg><\/span><\/a><\/div><\/div>\n<\/div><\/div>\n\n\n\n<div style=\"height:34px\" aria-hidden=\"true\" class=\"wp-block-spacer\"><\/div>\n\n\n\n<p class=\"wp-block-paragraph\">Si tiene un campo, una chacra o un establecimiento agropecuario en Entre R\u00edos y est\u00e1 pensando en venderlo, esta p\u00e1gina explica c\u00f3mo trabajamos el proceso completo: desde la estrategia inicial hasta la etapa posterior a la firma, sin importar si dispone de tiempo para planificar la operaci\u00f3n o necesita resolverla pronto. <\/p>\n\n\n\n<p class=\"wp-block-paragraph\">Este servicio es uno de los tres pilares de nuestra\u00a0<a href=\"https:\/\/camposenentrerios.com\/servicio-inmobiliario-rural\/\">inmobiliaria rural en Entre R\u00edos<\/a>, junto con la tasaci\u00f3n y la compra de campos.<\/p>\n\n\n\n<div class=\"wp-block-uagb-container uagb-block-1e01e446 alignfull uagb-is-root-container\"><div class=\"uagb-container-inner-blocks-wrap\">\n<div class=\"wp-block-columns is-layout-flex wp-container-core-columns-is-layout-8f761849 wp-block-columns-is-layout-flex\">\n<div class=\"wp-block-column is-layout-flow wp-block-column-is-layout-flow\" style=\"flex-basis:100%\">\n<h2 class=\"wp-block-heading has-text-align-center has-text-color has-link-color wp-elements-1\" style=\"color:#92825e\"><strong>Motivos frecuentes para vender un campo en Entre R\u00edos<\/strong><\/h2>\n\n\n\n<p class=\"has-text-align-center has-nv-light-bg-color has-text-color has-link-color wp-elements-2 wp-block-paragraph\">Vender un campo sin acompa\u00f1amiento profesional puede traer problemas dif\u00edciles de resolver m\u00e1s adelante: documentaci\u00f3n incompleta, informaci\u00f3n sensible del propietario circulando sin control, o decisiones que terminan afectando el patrimonio familiar. <\/p>\n\n\n\n<p class=\"has-text-align-center has-nv-light-bg-color has-text-color has-link-color wp-elements-3 wp-block-paragraph\">Por eso, m\u00e1s all\u00e1 del motivo puntual, siempre recomendamos encarar la venta con asesoramiento t\u00e9cnico. <\/p>\n\n\n\n<p class=\"has-text-align-center has-nv-light-bg-color has-text-color has-link-color wp-elements-4 wp-block-paragraph\">Estas son algunas de las situaciones m\u00e1s frecuentes que recibimos en la oficina:<\/p>\n<\/div>\n<\/div>\n\n\n\n<div class=\"wp-block-uagb-container uagb-layout-grid uagb-block-1e2d5627\">\n<div class=\"wp-block-uagb-container uagb-block-001a4e4c\">\n<div class=\"wp-block-uagb-info-box uagb-block-cb5bb330 uagb-infobox__content-wrap  uagb-infobox-icon-above-title uagb-infobox-image-valign-top\"><div class=\"uagb-ifb-content\"><div class=\"uagb-ifb-title-wrap\"><p class=\"uagb-ifb-title-prefix\">01<\/p><h3 class=\"uagb-ifb-title\"><strong>Necesita vender con cierta urgencia<\/strong><\/h3><\/div><p class=\"uagb-ifb-desc\">na sucesi\u00f3n, una deuda que resolver o un cambio de actividad pueden llevar a necesitar vender un campo con rapidez. <br><br>Hay que ser realistas: un proceso de venta acelerado casi siempre implica resignar algo de valor frente al precio de mercado. <br><br>Por eso, si sabe que en alg\u00fan momento va a vender, nuestra recomendaci\u00f3n es empezar antes de que la urgencia aparezca \u2014 ordenar la documentaci\u00f3n y activar la b\u00fasqueda de compradores con tiempo es lo que m\u00e1s ayuda a achicar esa diferencia de precio.&#8221;<br><\/p><\/div><\/div>\n<\/div>\n\n\n\n<div class=\"wp-block-uagb-container uagb-block-24ada29b\">\n<div class=\"wp-block-uagb-info-box uagb-block-a68127dc uagb-infobox__content-wrap  uagb-infobox-icon-above-title uagb-infobox-image-valign-top\"><div class=\"uagb-ifb-content\"><div class=\"uagb-ifb-title-wrap\"><p class=\"uagb-ifb-title-prefix\">02<\/p><h3 class=\"uagb-ifb-title\"><strong>El campo tiene varios herederos o titulares<\/strong><\/h3><\/div><p class=\"uagb-ifb-desc\">Cuando la propiedad qued\u00f3 a nombre de varios herederos o socios, la venta requiere acuerdo entre las partes y, muchas veces, una tasaci\u00f3n t\u00e9cnica que sirva como referencia objetiva para todos.<\/p><\/div><\/div>\n<\/div>\n\n\n\n<div class=\"wp-block-uagb-container uagb-block-95368043\">\n<div class=\"wp-block-uagb-info-box uagb-block-7e508563 uagb-infobox__content-wrap  uagb-infobox-icon-above-title uagb-infobox-image-valign-top\"><div class=\"uagb-ifb-content\"><div class=\"uagb-ifb-title-wrap\"><p class=\"uagb-ifb-title-prefix\">03<\/p><h3 class=\"uagb-ifb-title\"><strong>Est\u00e1 reorganizando su patrimonio<\/strong><\/h3><\/div><p class=\"uagb-ifb-desc\">Algunos propietarios deciden vender un campo para concentrar su patrimonio en menos activos, cambiar de actividad productiva o liberar capital para otro proyecto.<\/p><\/div><\/div>\n<\/div>\n\n\n\n<div class=\"wp-block-uagb-container uagb-block-580e18da\">\n<div class=\"wp-block-uagb-info-box uagb-block-4534594f uagb-infobox__content-wrap  uagb-infobox-icon-above-title uagb-infobox-image-valign-top\"><div class=\"uagb-ifb-content\"><div class=\"uagb-ifb-title-wrap\"><p class=\"uagb-ifb-title-prefix\">04<\/p><h3 class=\"uagb-ifb-title\"><strong>Recibi\u00f3 una oferta y no sabe si conviene aceptarla<\/strong><\/h3><\/div><p class=\"uagb-ifb-desc\">Es habitual que un productor reciba una propuesta de compra directa, sin haber salido a ofrecer el campo formalmente. <br><br>Antes de responder, conviene contar con una opini\u00f3n t\u00e9cnica sobre si el valor ofrecido es representativo del campo.<\/p><\/div><\/div>\n<\/div>\n\n\n\n<div class=\"wp-block-uagb-container uagb-block-a8148fc0\">\n<div class=\"wp-block-uagb-info-box uagb-block-9cd41b12 uagb-infobox__content-wrap  uagb-infobox-icon-above-title uagb-infobox-image-valign-top\"><div class=\"uagb-ifb-content\"><div class=\"uagb-ifb-title-wrap\"><p class=\"uagb-ifb-title-prefix\">05<\/p><h3 class=\"uagb-ifb-title\"><strong>Arrienda el campo a distancia y prefiere venderlo<\/strong><\/h3><\/div><p class=\"uagb-ifb-desc\">Para quien vive lejos del campo y gestiona el arrendamiento a distancia, vender puede simplificar la administraci\u00f3n del patrimonio, sobre todo cuando el v\u00ednculo con el arrendatario o el estado del campo requieren una atenci\u00f3n que no puede dar de cerca.<\/p><\/div><\/div>\n<\/div>\n\n\n\n<div class=\"wp-block-uagb-container uagb-block-ad85eae3\">\n<div class=\"wp-block-uagb-info-box uagb-block-4df65be1 uagb-infobox__content-wrap  uagb-infobox-icon-above-title uagb-infobox-image-valign-top\"><div class=\"uagb-ifb-content\"><div class=\"uagb-ifb-title-wrap\"><p class=\"uagb-ifb-title-prefix\">06<\/p><h3 class=\"uagb-ifb-title\"><strong>Sus hijos ya no van a continuar con la actividad rural<\/strong><\/h3><\/div><p class=\"uagb-ifb-desc\">Es una de las consultas m\u00e1s frecuentes que recibimos en la oficina: los hijos se mudaron a la ciudad, viven en otro pa\u00eds o se dedican a una profesi\u00f3n distinta, y no van a continuar con la producci\u00f3n del campo. <br><br>Sin nadie que siga la actividad de cerca, muchos propietarios prefieren vender antes que sostener una explotaci\u00f3n a distancia que no conocen ni pueden gestionar.<\/p><\/div><\/div>\n<\/div>\n<\/div>\n<\/div><\/div>\n\n\n\n<div class=\"wp-block-uagb-container uagb-block-30b6474f alignfull uagb-is-root-container\"><div class=\"uagb-container-inner-blocks-wrap\">\n<div class=\"wp-block-columns is-layout-flex wp-container-core-columns-is-layout-8f761849 wp-block-columns-is-layout-flex\">\n<div class=\"wp-block-column is-layout-flow wp-block-column-is-layout-flow\" style=\"flex-basis:100%\">\n<h2 class=\"wp-block-heading has-text-align-center has-nv-dark-bg-color has-text-color has-link-color wp-elements-5\" id=\"venta\">As\u00ed trabajamos la venta de su campo<\/h2>\n\n\n\n<p class=\"has-text-align-center has-nv-light-bg-color has-text-color has-link-color wp-elements-6 wp-block-paragraph\">El siguiente orden no es una f\u00f3rmula r\u00edgida \u2014 cada campo y cada propietario tienen su propio ritmo \u2014, pero da una idea clara de c\u00f3mo encaramos una venta de principio a fin.<\/p>\n<\/div>\n<\/div>\n\n\n\n<div class=\"wp-block-uagb-container uagb-layout-grid uagb-block-bcd8bef5\">\n<div class=\"wp-block-uagb-container uagb-block-d44c2c3c\">\n<div class=\"wp-block-uagb-info-box uagb-block-f747b400 uagb-infobox__content-wrap  uagb-infobox-icon-above-title uagb-infobox-image-valign-top\"><div class=\"uagb-ifb-content\"><div class=\"uagb-ifb-title-wrap\"><p class=\"uagb-ifb-title-prefix\">01<\/p><h3 class=\"uagb-ifb-title\"><strong>Asesoramiento especializado<\/strong><\/h3><\/div><p class=\"uagb-ifb-desc\">Empezamos por entender el objetivo del propietario: el plazo con el que cuenta, sus expectativas de precio y si la venta es total o parcial. <br><br>A partir de ah\u00ed definimos la estrategia de salida.<br><\/p><\/div><\/div>\n<\/div>\n\n\n\n<div class=\"wp-block-uagb-container uagb-block-2f60cce0\">\n<div class=\"wp-block-uagb-info-box uagb-block-29115ea0 uagb-infobox__content-wrap  uagb-infobox-icon-above-title uagb-infobox-image-valign-top\"><div class=\"uagb-ifb-content\"><div class=\"uagb-ifb-title-wrap\"><p class=\"uagb-ifb-title-prefix\">02<\/p><h3 class=\"uagb-ifb-title\"><strong>Gesti\u00f3n documental<\/strong><\/h3><\/div><p class=\"uagb-ifb-desc\">Revisamos mensuras, t\u00edtulos y situaci\u00f3n catastral antes de publicar la propiedad, para que la operaci\u00f3n no se caiga a \u00faltimo momento por un papel faltante.<\/p><\/div><\/div>\n<\/div>\n\n\n\n<div class=\"wp-block-uagb-container uagb-block-cfb14112\">\n<div class=\"wp-block-uagb-info-box uagb-block-ba6cce2f uagb-infobox__content-wrap  uagb-infobox-icon-above-title uagb-infobox-image-valign-top\"><div class=\"uagb-ifb-content\"><div class=\"uagb-ifb-title-wrap\"><p class=\"uagb-ifb-title-prefix\">03<\/p><h3 class=\"uagb-ifb-title\"><strong>Evaluaci\u00f3n de la propiedad<\/strong><\/h3><\/div><p class=\"uagb-ifb-desc\">Diagnosticamos el potencial real del campo \u2014 aptitud, accesos, estado de las mejoras \u2014 para saber qu\u00e9 defender al momento de fijar el precio. <br><br>Este paso se apoya en el mismo trabajo t\u00e9cnico que hacemos en cada&nbsp;<a href=\"https:\/\/camposenentrerios.com\/servicio-inmobiliario-rural\/tasacion-rural\/\">tasaci\u00f3n rural<\/a>, y por eso siempre la recomendamos antes de salir a vender.<\/p><\/div><\/div>\n<\/div>\n<\/div>\n\n\n\n<div class=\"wp-block-uagb-container uagb-layout-grid uagb-block-d5aa5742\">\n<div class=\"wp-block-uagb-container uagb-block-9e01830a\">\n<div class=\"wp-block-uagb-info-box uagb-block-d0d404c3 uagb-infobox__content-wrap  uagb-infobox-icon-above-title uagb-infobox-image-valign-top\"><div class=\"uagb-ifb-content\"><div class=\"uagb-ifb-title-wrap\"><p class=\"uagb-ifb-title-prefix\">04<\/p><h3 class=\"uagb-ifb-title\"><strong>Marketing y promoci\u00f3n<\/strong><\/h3><\/div><p class=\"uagb-ifb-desc\">Armamos el material de presentaci\u00f3n de la propiedad, con relevamiento territorial y fotograf\u00eda a\u00e9rea con drones, y lanzamos el campo al mercado.<br><\/p><\/div><\/div>\n<\/div>\n\n\n\n<div class=\"wp-block-uagb-container uagb-block-d269cbb9\">\n<div class=\"wp-block-uagb-info-box uagb-block-8b4f91af uagb-infobox__content-wrap  uagb-infobox-icon-above-title uagb-infobox-image-valign-top\"><div class=\"uagb-ifb-content\"><div class=\"uagb-ifb-title-wrap\"><p class=\"uagb-ifb-title-prefix\">05<\/p><h3 class=\"uagb-ifb-title\"><strong>Red de contactos<\/strong><\/h3><\/div><p class=\"uagb-ifb-desc\">Antes de salir a publicaci\u00f3n abierta, ofrecemos la propiedad dentro de nuestra cartera de consultas y contactos de compradores e inversores.<\/p><\/div><\/div>\n<\/div>\n\n\n\n<div class=\"wp-block-uagb-container uagb-block-3174d37e\">\n<div class=\"wp-block-uagb-info-box uagb-block-0e133b74 uagb-infobox__content-wrap  uagb-infobox-icon-above-title uagb-infobox-image-valign-top\"><div class=\"uagb-ifb-content\"><div class=\"uagb-ifb-title-wrap\"><p class=\"uagb-ifb-title-prefix\">06<\/p><h3 class=\"uagb-ifb-title\"><strong>Negociaci\u00f3n y cierre<\/strong><\/h3><\/div><p class=\"uagb-ifb-desc\">Filtramos las ofertas que llegan, nos sentamos a negociar y acompa\u00f1amos el cierre de la operaci\u00f3n hasta la escrituraci\u00f3n.<\/p><\/div><\/div>\n<\/div>\n<\/div>\n\n\n\n<div class=\"wp-block-uagb-container uagb-layout-grid uagb-block-e5e9469e\">\n<div class=\"wp-block-uagb-container uagb-block-ad1c73f4\">\n<div class=\"wp-block-uagb-info-box uagb-block-c9f8310b uagb-infobox__content-wrap  uagb-infobox-icon-above-title uagb-infobox-image-valign-top\"><div class=\"uagb-ifb-content\"><div class=\"uagb-ifb-title-wrap\"><p class=\"uagb-ifb-title-prefix\">07<\/p><h3 class=\"uagb-ifb-title\"><strong>Acompa\u00f1amiento posventa<\/strong><\/h3><\/div><p class=\"uagb-ifb-desc\">Una vez concretada la venta, orientamos al propietario sobre las alternativas para reinvertir el capital, ya sea en otra oportunidad rural o en una propiedad urbana.<\/p><\/div><\/div>\n<\/div>\n<\/div>\n<\/div><\/div>\n\n\n\n<div class=\"wp-block-uagb-container uagb-block-xifrswj2 alignfull uagb-is-root-container\"><div class=\"uagb-container-inner-blocks-wrap\">\n<div class=\"wp-block-uagb-info-box uagb-block-39da5bb0 uagb-infobox__content-wrap  uagb-infobox-icon-above-title uagb-infobox-image-valign-top\"><div class=\"uagb-ifb-content\"><div class=\"uagb-ifb-title-wrap\"><h3 class=\"uagb-ifb-title\"><strong><strong>Por qu\u00e9 recomendamos tasar el campo antes de salir a venderlo<\/strong><\/strong><\/h3><\/div><p class=\"uagb-ifb-desc\">Fijar el precio de venta sin una evaluaci\u00f3n t\u00e9cnica previa expone al propietario a dos riesgos opuestos, que pueden costarle tiempo o dinero:<\/p><\/div><\/div>\n\n\n\n<div class=\"wp-block-uagb-container uagb-block-gwttmhd0\">\n<div class=\"wp-block-uagb-container uagb-block-ids8welh\">\n<div class=\"wp-block-uagb-info-box uagb-block-epk0yahi uagb-infobox__content-wrap  uagb-infobox-icon-above-title uagb-infobox-image-valign-top\"><div class=\"uagb-ifb-content\"><div class=\"uagb-ifb-icon-wrap\"><svg xmlns=\"https:\/\/www.w3.org\/2000\/svg\" viewBox=\"0 0 448 512\"><path d=\"M438.6 105.4C451.1 117.9 451.1 138.1 438.6 150.6L182.6 406.6C170.1 419.1 149.9 419.1 137.4 406.6L9.372 278.6C-3.124 266.1-3.124 245.9 9.372 233.4C21.87 220.9 42.13 220.9 54.63 233.4L159.1 338.7L393.4 105.4C405.9 92.88 426.1 92.88 438.6 105.4H438.6z\"><\/path><\/svg><\/div><div class=\"uagb-ifb-title-wrap\"><h3 class=\"uagb-ifb-title\"><em>El riesgo de sobrevalorar<\/em><\/h3><\/div><p class=\"uagb-ifb-desc\">Un campo publicado por encima de su valor real suele quedar m\u00e1s tiempo sin ofertas serias. <br><br>Los compradores e inversores comparan precios entre propiedades similares, y una publicaci\u00f3n fuera de rango pierde visibilidad frente al resto, muchas veces termina bajando de precio de todas formas, pero despu\u00e9s de haber perdido tiempo valioso<\/p><\/div><\/div>\n<\/div>\n\n\n\n<div class=\"wp-block-uagb-container uagb-block-ixn9xjjk\">\n<div class=\"wp-block-uagb-info-box uagb-block-1crsj9jb uagb-infobox__content-wrap  uagb-infobox-icon-above-title uagb-infobox-image-valign-top\"><div class=\"uagb-ifb-content\"><div class=\"uagb-ifb-icon-wrap\"><svg xmlns=\"https:\/\/www.w3.org\/2000\/svg\" viewBox=\"0 0 448 512\"><path d=\"M438.6 105.4C451.1 117.9 451.1 138.1 438.6 150.6L182.6 406.6C170.1 419.1 149.9 419.1 137.4 406.6L9.372 278.6C-3.124 266.1-3.124 245.9 9.372 233.4C21.87 220.9 42.13 220.9 54.63 233.4L159.1 338.7L393.4 105.4C405.9 92.88 426.1 92.88 438.6 105.4H438.6z\"><\/path><\/svg><\/div><div class=\"uagb-ifb-title-wrap\"><h3 class=\"uagb-ifb-title\"><em>Fijar un precio por debajo del valor de mercado<\/em><\/h3><\/div><p class=\"uagb-ifb-desc\">Vender un campo por debajo de su valor real es una p\u00e9rdida patrimonial que no se recupera. <br><br>Suele pasar cuando la venta se resuelve con apuro o sin una referencia t\u00e9cnica objetiva sobre el verdadero potencial del campo \u2014 aptitud, accesos, mejoras \u2014 que no siempre se refleja a simple vista.<\/p><\/div><\/div>\n<\/div>\n<\/div>\n\n\n\n<p class=\"has-nv-light-bg-color has-text-color has-link-color wp-elements-7 wp-block-paragraph\">Una tasaci\u00f3n t\u00e9cnica previa despeja estas dos dudas desde el principio: le da un valor de referencia objetivo, basado en un relevamiento real del terreno, no en una estimaci\u00f3n al voleo. As\u00ed encara la venta con informaci\u00f3n concreta, sin la incertidumbre de no saber si el precio es el correcto.<\/p>\n\n\n\n<div class=\"wp-block-uagb-buttons uagb-buttons__outer-wrap uagb-btn__default-btn uagb-btn-tablet__default-btn uagb-btn-mobile__default-btn uagb-block-afb16637\"><div class=\"uagb-buttons__wrap uagb-buttons-layout-wrap \">\n<div class=\"wp-block-uagb-buttons-child uagb-buttons__outer-wrap uagb-block-581302a0 wp-block-button\"><div class=\"uagb-button__wrapper\"><a class=\"uagb-buttons-repeater wp-block-button__link\" aria-label=\"\" href=\"https:\/\/camposenentrerios.com\/servicio-inmobiliario-rural\/tasacion-rural\/\" rel=\"follow noopener\" target=\"_self\" role=\"button\"><div class=\"uagb-button__link\">Conoce nuestro servicio de tasaci\u00f3n rural<\/div><span class=\"uagb-button__icon uagb-button__icon-position-after\"><svg xmlns=\"https:\/\/www.w3.org\/2000\/svg\" viewBox=\"0 0 448 512\" aria-hidden=\"true\" focussable=\"false\"><path d=\"M438.6 278.6l-160 160C272.4 444.9 264.2 448 256 448s-16.38-3.125-22.62-9.375c-12.5-12.5-12.5-32.75 0-45.25L338.8 288H32C14.33 288 .0016 273.7 .0016 256S14.33 224 32 224h306.8l-105.4-105.4c-12.5-12.5-12.5-32.75 0-45.25s32.75-12.5 45.25 0l160 160C451.1 245.9 451.1 266.1 438.6 278.6z\"><\/path><\/svg><\/span><\/a><\/div><\/div>\n<\/div><\/div>\n<\/div><\/div>\n\n\n\n<div class=\"wp-block-uagb-container uagb-block-a702adf8 alignfull uagb-is-root-container\"><div class=\"uagb-container-inner-blocks-wrap\">\n<div class=\"wp-block-atomic-wind-box grid items-center gap-8 rounded-3xl bg-neutral-50 p-6 md:grid-cols-2 md:p-10\">\n<div class=\"wp-block-atomic-wind-box aspect-[4\/5] rounded-2xl group overflow-hidden\">\n<img decoding=\"async\" class=\"wp-block-atomic-wind-image h-full w-full object-cover transition duration-500 group-hover:scale-105 m-0\" src=\"https:\/\/camposenentrerios.com\/wp-content\/uploads\/2026\/08\/nosotros-en-tranquera-en-el-campo.webp\" alt=\"Socios fundadores de Campos en Entre R\u00edos en una tranquera de en un campo en venta\"\/>\n<\/div>\n\n\n\n<div class=\"wp-block-atomic-wind-box flex flex-col items-start gap-5\">\n<div class=\"wp-block-atomic-wind-box inline-flex items-center gap-2 rounded-full bg-indigo-50 px-4 py-1.5\"><svg class=\"size-4 text-indigo-600 m-0 wp-block-atomic-wind-icon\" viewBox=\"0 0 24 24\" fill=\"none\" stroke=\"currentColor\" stroke-width=\"2\" stroke-linecap=\"round\" stroke-linejoin=\"round\"><circle cx=\"12\" cy=\"12\" r=\"10\" \/><path d=\"M7 10h10\" \/><path d=\"M7 14h10\" \/><\/svg>\n\n\n<span class=\"wp-block-atomic-wind-text text-sm font-semibold text-indigo-700 m-0\" data-rich-text=\"\">EQUIPO<\/span>\n<\/div>\n\n\n\n<h3 class=\"wp-block-atomic-wind-text text-3xl font-bold tracking-tight text-neutral-900 md:text-4xl m-0\" data-rich-text=\"\">Qui\u00e9n est\u00e1 detr\u00e1s de la venta de su campo<\/h3>\n\n\n\n<p class=\"wp-block-paragraph\">Vender un campo no es una operaci\u00f3n an\u00f3nima. <\/p>\n\n\n\n<p class=\"wp-block-paragraph\">Quienes lo acompa\u00f1an en el proceso son personas identificadas y matriculadas: bajo la responsabilidad de Leonardo Mart\u00ednez Vargas Corredor Inmobiliario (Mat. CCPIER 1075), junto con Cristian Franzot, T\u00e9cnico en Producci\u00f3n Agropecuaria y Especilista en gestion del Territorio y Analista GIS. <\/p>\n\n\n\n<p class=\"wp-block-paragraph\">No es una inmobiliaria gen\u00e9rica ni un intermediario informal: es un equipo con formaci\u00f3n espec\u00edfica en el rubro rural, responsable ante el Colegio de Corredores P\u00fablicos Inmobiliarios de Entre R\u00edos por cada operaci\u00f3n que gestiona.<\/p>\n\n\n\n<p class=\"wp-block-paragraph\">Ese es el respaldo con el que cuenta al vender su campo con nosotros: asesoramiento t\u00e9cnico real, documentaci\u00f3n revisada por profesionales matriculados, y un proceso ordenado de principio a fin.<\/p>\n\n\n\n<div class=\"wp-block-atomic-wind-box flex items-center gap-3\"><svg class=\"size-5 text-neutral-500 transition hover:text-indigo-600 m-0 wp-block-atomic-wind-icon\" viewBox=\"0 0 24 24\" fill=\"none\" stroke=\"currentColor\" stroke-width=\"2\" stroke-linecap=\"round\" stroke-linejoin=\"round\"><rect width=\"20\" height=\"20\" x=\"2\" y=\"2\" rx=\"5\" ry=\"5\" \/><path d=\"M16 11.37A4 4 0 1 1 12.63 8 4 4 0 0 1 16 11.37z\" \/><line x1=\"17.5\" x2=\"17.51\" y1=\"6.5\" y2=\"6.5\" \/><\/svg>\n\n<svg class=\"size-5 text-neutral-500 transition hover:text-indigo-600 m-0 wp-block-atomic-wind-icon\" viewBox=\"0 0 24 24\" fill=\"none\" stroke=\"currentColor\" stroke-width=\"2\" stroke-linecap=\"round\" stroke-linejoin=\"round\"><path d=\"M16 8a6 6 0 0 1 6 6v7h-4v-7a2 2 0 0 0-2-2 2 2 0 0 0-2 2v7h-4v-7a6 6 0 0 1 6-6z\" \/><rect width=\"4\" height=\"12\" x=\"2\" y=\"9\" \/><circle cx=\"4\" cy=\"4\" r=\"2\" \/><\/svg>\n\n<svg class=\"size-5 text-neutral-500 transition hover:text-indigo-600 m-0 wp-block-atomic-wind-icon\" viewBox=\"0 0 24 24\" fill=\"none\" stroke=\"currentColor\" stroke-width=\"2\" stroke-linecap=\"round\" stroke-linejoin=\"round\"><path d=\"M18 2h-3a5 5 0 0 0-5 5v3H7v4h3v8h4v-8h3l1-4h-4V7a1 1 0 0 1 1-1h3z\" \/><\/svg>\n\n<svg class=\"size-5 text-neutral-500 transition hover:text-indigo-600 m-0 wp-block-atomic-wind-icon\" viewBox=\"0 0 24 24\" fill=\"none\" stroke=\"currentColor\" stroke-width=\"2\" stroke-linecap=\"round\" stroke-linejoin=\"round\"><path d=\"M2.5 17a24.12 24.12 0 0 1 0-10 2 2 0 0 1 1.4-1.4 49.56 49.56 0 0 1 16.2 0A2 2 0 0 1 21.5 7a24.12 24.12 0 0 1 0 10 2 2 0 0 1-1.4 1.4 49.55 49.55 0 0 1-16.2 0A2 2 0 0 1 2.5 17\" \/><path d=\"m10 15 5-3-5-3z\" \/><\/svg><\/div>\n<\/div>\n<\/div>\n<\/div><\/div>\n\n\n\n<div class=\"wp-block-uagb-container uagb-block-fbd2e082 alignfull uagb-is-root-container\"><div class=\"uagb-container-inner-blocks-wrap\">\n<div style=\"height:30px\" aria-hidden=\"true\" class=\"wp-block-spacer\"><\/div>\n\n\n\n<h2 class=\"wp-block-heading\">Preguntas frecuentes sobre vender un campo en Entre R\u00edos<\/h2>\n\n\n<div class=\"wp-block-uagb-faq uagb-faq__outer-wrap uagb-block-e4e885e9 uagb-faq-icon-row-reverse uagb-faq-layout-accordion uagb-faq-expand-first-true uagb-faq-inactive-other-true uagb-faq__wrap uagb-buttons-layout-wrap uagb-faq-equal-height     \" data-faqtoggle=\"true\" role=\"tablist\"><script type=\"application\/ld+json\">{\"@context\":\"https:\\\/\\\/schema.org\",\"@type\":\"FAQPage\",\"@id\":\"https:\\\/\\\/camposenentrerios.com\\\/en\\\/vender-mi-campo-en-entre-rios\\\/\",\"mainEntity\":[{\"@type\":\"Question\",\"name\":\"\\u00bfNecesito tasar mi campo antes de venderlo?\",\"acceptedAnswer\":{\"@type\":\"Answer\",\"text\":\"<strong>No es un requisito obligatorio<\\\/strong>, pero s\\u00ed lo recomendamos, fijar el precio sin una evaluaci\\u00f3n t\\u00e9cnica previa aumenta el riesgo de <strong>sobrevalorar o subvalorar la propiedad<\\\/strong> y eso puede extender m\\u00e1s los tiempos de comercializaci\\u00f3n o generar perdidas de capital para el propietarios. <br><br>Sugerimos siempre una <strong>tasacion base<\\\/strong> de referncia minimamente antes de empezar a ofertar el campo. Puede conocer c\\u00f3mo trabajamos ese proceso en nuestro servicio de\\u00a0<a href=\\\"https:\\\/\\\/camposenentrerios.com\\\/servicio-inmobiliario-rural\\\/tasacion-rural\\\/\\\">tasaci\\u00f3n rural<\\\/a>.\"}},{\"@type\":\"Question\",\"name\":\"\\u00bfCu\\u00e1nto tarda en venderse un campo en Entre R\\u00edos?\",\"acceptedAnswer\":{\"@type\":\"Answer\",\"text\":\"Los plazos van desde meses hasta a\\u00f1os, dependiendo de si el precio solicitado tiene un valor acorde al mercado y representa el valor real de la propiedad. <br><br>Tambi\\u00e9n influye si hay opciones de financiaci\\u00f3n, si el propietario est\\u00e1 dispuesto a escuchar distintas ofertas, o si se muestra cerrado a otras opciones de negociaci\\u00f3n. Todo eso modifica los plazos de comercializaci\\u00f3n y cierre de una propiedad en venta.\\\"\"}},{\"@type\":\"Question\",\"name\":\"\\u00bfPuedo vender mi campo con urgencia sin resignar su valor?\",\"acceptedAnswer\":{\"@type\":\"Answer\",\"text\":\"En general, no. Vender con urgencia y mantener el valor real del campo son dos objetivos que compiten entre s\\u00ed. <br><br>Un proceso de venta implica negociaciones, ofertas y contraofertas, an\\u00e1lisis t\\u00e9cnicos y comparaci\\u00f3n de alternativas por parte de quien compra, y todo eso lleva tiempo. <br><br>Si el plazo se acorta mucho, casi siempre es a costa del precio: hay que resignar valor y ofrecer la propiedad por debajo de lo que realmente vale. Por eso, si tiene en mente vender, nuestra recomendaci\\u00f3n es siempre la misma: empezar el proceso lo antes posible, aunque la operaci\\u00f3n no sea urgente todav\\u00eda. <br><br>Cuanto antes se ordene la documentaci\\u00f3n y se active la b\\u00fasqueda de compradores, menos margen de negociaci\\u00f3n se pierde m\\u00e1s adelante.\"}},{\"@type\":\"Question\",\"name\":\"\\u00bfQu\\u00e9 documentaci\\u00f3n necesito para vender un campo en Entre R\\u00edos?\",\"acceptedAnswer\":{\"@type\":\"Answer\",\"text\":\"Se requiere el <strong>t\\u00edtulo de propiedad<\\\/strong>, <strong>planos de mensura actualizados<\\\/strong> y la situaci\\u00f3n catastral al d\\u00eda. Nosotros revisamos esta documentaci\\u00f3n como parte del proceso, asesoramos a nuestros clientes antes de publicar la propiedad.\"}},{\"@type\":\"Question\",\"name\":\"\\u00bfVenden campos chicos, chacras y tambi\\u00e9n grandes extensiones?\",\"acceptedAnswer\":{\"@type\":\"Answer\",\"text\":\"Trabajamos con campos agr\\u00edcolas, ganaderos y mixtos de distintas superficies, incluyendo chacras y establecimientos peque\\u00f1os.\"}},{\"@type\":\"Question\",\"name\":\"\\u00bfQu\\u00e9 pasa con el dinero despu\\u00e9s de vender el campo?\",\"acceptedAnswer\":{\"@type\":\"Answer\",\"text\":\"Acompa\\u00f1amos tambi\\u00e9n esa etapa: orientamos al propietario sobre alternativas para reinvertir el capital, tanto en otras oportunidades rurales como en propiedades urbanas, de nuestra cartera de propiedades.\"}},{\"@type\":\"Question\",\"name\":\"\\u00bfTrabajan en toda la provincia de Entre R\\u00edos?\",\"acceptedAnswer\":{\"@type\":\"Answer\",\"text\":\"<strong>S\\u00ed<\\\/strong>. Tenemos base en Oro Verde, Paran\\u00e1, y trabajamos en toda la provincia, con mayor presencia en los departamentos de Paran\\u00e1, Nogoy\\u00e1, La Paz y Diamante.\"}},{\"@type\":\"Question\",\"name\":\"\\u00bfC\\u00f3mo empiezo el proceso de venta de mi campo?\",\"acceptedAnswer\":{\"@type\":\"Answer\",\"text\":\"Puede escribirnos por WhatsApp o dejarnos su consulta desde el formulario de contacto, y coordinamos una primera charla sin compromomiso y sin cargo para entender su situaci\\u00f3n y los pr\\u00f3ximos pasos.\"}}]}<\/script><div class=\"wp-block-uagb-faq-child uagb-faq-child__outer-wrap uagb-faq-item uagb-block-27bf734d \" role=\"tab\" tabindex=\"0\"><div class=\"uagb-faq-questions-button uagb-faq-questions\">\t\t\t<span class=\"uagb-icon uagb-faq-icon-wrap\">\n\t\t\t\t\t\t\t\t<svg xmlns=\"https:\/\/www.w3.org\/2000\/svg\" viewBox= \"0 0 448 512\"><path d=\"M432 256c0 17.69-14.33 32.01-32 32.01H256v144c0 17.69-14.33 31.99-32 31.99s-32-14.3-32-31.99v-144H48c-17.67 0-32-14.32-32-32.01s14.33-31.99 32-31.99H192v-144c0-17.69 14.33-32.01 32-32.01s32 14.32 32 32.01v144h144C417.7 224 432 238.3 432 256z\"><\/path><\/svg>\n\t\t\t\t\t\t\t<\/span>\n\t\t\t\t\t\t<span class=\"uagb-icon-active uagb-faq-icon-wrap\">\n\t\t\t\t\t\t\t\t<svg xmlns=\"https:\/\/www.w3.org\/2000\/svg\" viewBox= \"0 0 448 512\"><path d=\"M400 288h-352c-17.69 0-32-14.32-32-32.01s14.31-31.99 32-31.99h352c17.69 0 32 14.3 32 31.99S417.7 288 400 288z\"><\/path><\/svg>\n\t\t\t\t\t\t\t<\/span>\n\t\t\t<span class=\"uagb-question\">\u00bfNecesito tasar mi campo antes de venderlo?<\/span><\/div><div class=\"uagb-faq-content\"><p><strong>No es un requisito obligatorio<\/strong>, pero s\u00ed lo recomendamos, fijar el precio sin una evaluaci\u00f3n t\u00e9cnica previa aumenta el riesgo de <strong>sobrevalorar o subvalorar la propiedad<\/strong> y eso puede extender m\u00e1s los tiempos de comercializaci\u00f3n o generar perdidas de capital para el propietarios. <br><br>Sugerimos siempre una <strong>tasacion base<\/strong> de referncia minimamente antes de empezar a ofertar el campo. Puede conocer c\u00f3mo trabajamos ese proceso en nuestro servicio de\u00a0<a href=\"https:\/\/camposenentrerios.com\/servicio-inmobiliario-rural\/tasacion-rural\/\">tasaci\u00f3n rural<\/a>.<\/p><\/div><\/div><div class=\"wp-block-uagb-faq-child uagb-faq-child__outer-wrap uagb-faq-item uagb-block-a2ec9caa \" role=\"tab\" tabindex=\"0\"><div class=\"uagb-faq-questions-button uagb-faq-questions\">\t\t\t<span class=\"uagb-icon uagb-faq-icon-wrap\">\n\t\t\t\t\t\t\t\t<svg xmlns=\"https:\/\/www.w3.org\/2000\/svg\" viewBox= \"0 0 448 512\"><path d=\"M432 256c0 17.69-14.33 32.01-32 32.01H256v144c0 17.69-14.33 31.99-32 31.99s-32-14.3-32-31.99v-144H48c-17.67 0-32-14.32-32-32.01s14.33-31.99 32-31.99H192v-144c0-17.69 14.33-32.01 32-32.01s32 14.32 32 32.01v144h144C417.7 224 432 238.3 432 256z\"><\/path><\/svg>\n\t\t\t\t\t\t\t<\/span>\n\t\t\t\t\t\t<span class=\"uagb-icon-active uagb-faq-icon-wrap\">\n\t\t\t\t\t\t\t\t<svg xmlns=\"https:\/\/www.w3.org\/2000\/svg\" viewBox= \"0 0 448 512\"><path d=\"M400 288h-352c-17.69 0-32-14.32-32-32.01s14.31-31.99 32-31.99h352c17.69 0 32 14.3 32 31.99S417.7 288 400 288z\"><\/path><\/svg>\n\t\t\t\t\t\t\t<\/span>\n\t\t\t<span class=\"uagb-question\">\u00bfCu\u00e1nto tarda en venderse un campo en Entre R\u00edos?<\/span><\/div><div class=\"uagb-faq-content\"><p>Los plazos van desde meses hasta a\u00f1os, dependiendo de si el precio solicitado tiene un valor acorde al mercado y representa el valor real de la propiedad. <br><br>Tambi\u00e9n influye si hay opciones de financiaci\u00f3n, si el propietario est\u00e1 dispuesto a escuchar distintas ofertas, o si se muestra cerrado a otras opciones de negociaci\u00f3n. Todo eso modifica los plazos de comercializaci\u00f3n y cierre de una propiedad en venta.&#8221;<\/p><\/div><\/div><div class=\"wp-block-uagb-faq-child uagb-faq-child__outer-wrap uagb-faq-item uagb-block-f76fc7d8 \" role=\"tab\" tabindex=\"0\"><div class=\"uagb-faq-questions-button uagb-faq-questions\">\t\t\t<span class=\"uagb-icon uagb-faq-icon-wrap\">\n\t\t\t\t\t\t\t\t<svg xmlns=\"https:\/\/www.w3.org\/2000\/svg\" viewBox= \"0 0 448 512\"><path d=\"M432 256c0 17.69-14.33 32.01-32 32.01H256v144c0 17.69-14.33 31.99-32 31.99s-32-14.3-32-31.99v-144H48c-17.67 0-32-14.32-32-32.01s14.33-31.99 32-31.99H192v-144c0-17.69 14.33-32.01 32-32.01s32 14.32 32 32.01v144h144C417.7 224 432 238.3 432 256z\"><\/path><\/svg>\n\t\t\t\t\t\t\t<\/span>\n\t\t\t\t\t\t<span class=\"uagb-icon-active uagb-faq-icon-wrap\">\n\t\t\t\t\t\t\t\t<svg xmlns=\"https:\/\/www.w3.org\/2000\/svg\" viewBox= \"0 0 448 512\"><path d=\"M400 288h-352c-17.69 0-32-14.32-32-32.01s14.31-31.99 32-31.99h352c17.69 0 32 14.3 32 31.99S417.7 288 400 288z\"><\/path><\/svg>\n\t\t\t\t\t\t\t<\/span>\n\t\t\t<span class=\"uagb-question\">\u00bfPuedo vender mi campo con urgencia sin resignar su valor?<\/span><\/div><div class=\"uagb-faq-content\"><p>En general, no. Vender con urgencia y mantener el valor real del campo son dos objetivos que compiten entre s\u00ed. <br><br>Un proceso de venta implica negociaciones, ofertas y contraofertas, an\u00e1lisis t\u00e9cnicos y comparaci\u00f3n de alternativas por parte de quien compra, y todo eso lleva tiempo. <br><br>Si el plazo se acorta mucho, casi siempre es a costa del precio: hay que resignar valor y ofrecer la propiedad por debajo de lo que realmente vale. Por eso, si tiene en mente vender, nuestra recomendaci\u00f3n es siempre la misma: empezar el proceso lo antes posible, aunque la operaci\u00f3n no sea urgente todav\u00eda. <br><br>Cuanto antes se ordene la documentaci\u00f3n y se active la b\u00fasqueda de compradores, menos margen de negociaci\u00f3n se pierde m\u00e1s adelante.<\/p><\/div><\/div><div class=\"wp-block-uagb-faq-child uagb-faq-child__outer-wrap uagb-faq-item uagb-block-f3e5599e \" role=\"tab\" tabindex=\"0\"><div class=\"uagb-faq-questions-button uagb-faq-questions\">\t\t\t<span class=\"uagb-icon uagb-faq-icon-wrap\">\n\t\t\t\t\t\t\t\t<svg xmlns=\"https:\/\/www.w3.org\/2000\/svg\" viewBox= \"0 0 448 512\"><path d=\"M432 256c0 17.69-14.33 32.01-32 32.01H256v144c0 17.69-14.33 31.99-32 31.99s-32-14.3-32-31.99v-144H48c-17.67 0-32-14.32-32-32.01s14.33-31.99 32-31.99H192v-144c0-17.69 14.33-32.01 32-32.01s32 14.32 32 32.01v144h144C417.7 224 432 238.3 432 256z\"><\/path><\/svg>\n\t\t\t\t\t\t\t<\/span>\n\t\t\t\t\t\t<span class=\"uagb-icon-active uagb-faq-icon-wrap\">\n\t\t\t\t\t\t\t\t<svg xmlns=\"https:\/\/www.w3.org\/2000\/svg\" viewBox= \"0 0 448 512\"><path d=\"M400 288h-352c-17.69 0-32-14.32-32-32.01s14.31-31.99 32-31.99h352c17.69 0 32 14.3 32 31.99S417.7 288 400 288z\"><\/path><\/svg>\n\t\t\t\t\t\t\t<\/span>\n\t\t\t<span class=\"uagb-question\">\u00bfQu\u00e9 documentaci\u00f3n necesito para vender un campo en Entre R\u00edos?<\/span><\/div><div class=\"uagb-faq-content\"><p>Se requiere el <strong>t\u00edtulo de propiedad<\/strong>, <strong>planos de mensura actualizados<\/strong> y la situaci\u00f3n catastral al d\u00eda. Nosotros revisamos esta documentaci\u00f3n como parte del proceso, asesoramos a nuestros clientes antes de publicar la propiedad.<\/p><\/div><\/div><div class=\"wp-block-uagb-faq-child uagb-faq-child__outer-wrap uagb-faq-item uagb-block-71875f4b \" role=\"tab\" tabindex=\"0\"><div class=\"uagb-faq-questions-button uagb-faq-questions\">\t\t\t<span class=\"uagb-icon uagb-faq-icon-wrap\">\n\t\t\t\t\t\t\t\t<svg xmlns=\"https:\/\/www.w3.org\/2000\/svg\" viewBox= \"0 0 448 512\"><path d=\"M432 256c0 17.69-14.33 32.01-32 32.01H256v144c0 17.69-14.33 31.99-32 31.99s-32-14.3-32-31.99v-144H48c-17.67 0-32-14.32-32-32.01s14.33-31.99 32-31.99H192v-144c0-17.69 14.33-32.01 32-32.01s32 14.32 32 32.01v144h144C417.7 224 432 238.3 432 256z\"><\/path><\/svg>\n\t\t\t\t\t\t\t<\/span>\n\t\t\t\t\t\t<span class=\"uagb-icon-active uagb-faq-icon-wrap\">\n\t\t\t\t\t\t\t\t<svg xmlns=\"https:\/\/www.w3.org\/2000\/svg\" viewBox= \"0 0 448 512\"><path d=\"M400 288h-352c-17.69 0-32-14.32-32-32.01s14.31-31.99 32-31.99h352c17.69 0 32 14.3 32 31.99S417.7 288 400 288z\"><\/path><\/svg>\n\t\t\t\t\t\t\t<\/span>\n\t\t\t<span class=\"uagb-question\">\u00bfVenden campos chicos, chacras y tambi\u00e9n grandes extensiones?<\/span><\/div><div class=\"uagb-faq-content\"><p>Trabajamos con campos agr\u00edcolas, ganaderos y mixtos de distintas superficies, incluyendo chacras y establecimientos peque\u00f1os.<\/p><\/div><\/div><div class=\"wp-block-uagb-faq-child uagb-faq-child__outer-wrap uagb-faq-item uagb-block-b4ac0852 \" role=\"tab\" tabindex=\"0\"><div class=\"uagb-faq-questions-button uagb-faq-questions\">\t\t\t<span class=\"uagb-icon uagb-faq-icon-wrap\">\n\t\t\t\t\t\t\t\t<svg xmlns=\"https:\/\/www.w3.org\/2000\/svg\" viewBox= \"0 0 448 512\"><path d=\"M432 256c0 17.69-14.33 32.01-32 32.01H256v144c0 17.69-14.33 31.99-32 31.99s-32-14.3-32-31.99v-144H48c-17.67 0-32-14.32-32-32.01s14.33-31.99 32-31.99H192v-144c0-17.69 14.33-32.01 32-32.01s32 14.32 32 32.01v144h144C417.7 224 432 238.3 432 256z\"><\/path><\/svg>\n\t\t\t\t\t\t\t<\/span>\n\t\t\t\t\t\t<span class=\"uagb-icon-active uagb-faq-icon-wrap\">\n\t\t\t\t\t\t\t\t<svg xmlns=\"https:\/\/www.w3.org\/2000\/svg\" viewBox= \"0 0 448 512\"><path d=\"M400 288h-352c-17.69 0-32-14.32-32-32.01s14.31-31.99 32-31.99h352c17.69 0 32 14.3 32 31.99S417.7 288 400 288z\"><\/path><\/svg>\n\t\t\t\t\t\t\t<\/span>\n\t\t\t<span class=\"uagb-question\">\u00bfQu\u00e9 pasa con el dinero despu\u00e9s de vender el campo?<\/span><\/div><div class=\"uagb-faq-content\"><p>Acompa\u00f1amos tambi\u00e9n esa etapa: orientamos al propietario sobre alternativas para reinvertir el capital, tanto en otras oportunidades rurales como en propiedades urbanas, de nuestra cartera de propiedades.<\/p><\/div><\/div><div class=\"wp-block-uagb-faq-child uagb-faq-child__outer-wrap uagb-faq-item uagb-block-e7f9b3b6 \" role=\"tab\" tabindex=\"0\"><div class=\"uagb-faq-questions-button uagb-faq-questions\">\t\t\t<span class=\"uagb-icon uagb-faq-icon-wrap\">\n\t\t\t\t\t\t\t\t<svg xmlns=\"https:\/\/www.w3.org\/2000\/svg\" viewBox= \"0 0 448 512\"><path d=\"M432 256c0 17.69-14.33 32.01-32 32.01H256v144c0 17.69-14.33 31.99-32 31.99s-32-14.3-32-31.99v-144H48c-17.67 0-32-14.32-32-32.01s14.33-31.99 32-31.99H192v-144c0-17.69 14.33-32.01 32-32.01s32 14.32 32 32.01v144h144C417.7 224 432 238.3 432 256z\"><\/path><\/svg>\n\t\t\t\t\t\t\t<\/span>\n\t\t\t\t\t\t<span class=\"uagb-icon-active uagb-faq-icon-wrap\">\n\t\t\t\t\t\t\t\t<svg xmlns=\"https:\/\/www.w3.org\/2000\/svg\" viewBox= \"0 0 448 512\"><path d=\"M400 288h-352c-17.69 0-32-14.32-32-32.01s14.31-31.99 32-31.99h352c17.69 0 32 14.3 32 31.99S417.7 288 400 288z\"><\/path><\/svg>\n\t\t\t\t\t\t\t<\/span>\n\t\t\t<span class=\"uagb-question\">\u00bfTrabajan en toda la provincia de Entre R\u00edos?<\/span><\/div><div class=\"uagb-faq-content\"><p><strong>S\u00ed<\/strong>. Tenemos base en Oro Verde, Paran\u00e1, y trabajamos en toda la provincia, con mayor presencia en los departamentos de Paran\u00e1, Nogoy\u00e1, La Paz y Diamante.<\/p><\/div><\/div><div class=\"wp-block-uagb-faq-child uagb-faq-child__outer-wrap uagb-faq-item uagb-block-3be6583a \" role=\"tab\" tabindex=\"0\"><div class=\"uagb-faq-questions-button uagb-faq-questions\">\t\t\t<span class=\"uagb-icon uagb-faq-icon-wrap\">\n\t\t\t\t\t\t\t\t<svg xmlns=\"https:\/\/www.w3.org\/2000\/svg\" viewBox= \"0 0 448 512\"><path d=\"M432 256c0 17.69-14.33 32.01-32 32.01H256v144c0 17.69-14.33 31.99-32 31.99s-32-14.3-32-31.99v-144H48c-17.67 0-32-14.32-32-32.01s14.33-31.99 32-31.99H192v-144c0-17.69 14.33-32.01 32-32.01s32 14.32 32 32.01v144h144C417.7 224 432 238.3 432 256z\"><\/path><\/svg>\n\t\t\t\t\t\t\t<\/span>\n\t\t\t\t\t\t<span class=\"uagb-icon-active uagb-faq-icon-wrap\">\n\t\t\t\t\t\t\t\t<svg xmlns=\"https:\/\/www.w3.org\/2000\/svg\" viewBox= \"0 0 448 512\"><path d=\"M400 288h-352c-17.69 0-32-14.32-32-32.01s14.31-31.99 32-31.99h352c17.69 0 32 14.3 32 31.99S417.7 288 400 288z\"><\/path><\/svg>\n\t\t\t\t\t\t\t<\/span>\n\t\t\t<span class=\"uagb-question\">\u00bfC\u00f3mo empiezo el proceso de venta de mi campo?<\/span><\/div><div class=\"uagb-faq-content\"><p>Puede escribirnos por WhatsApp o dejarnos su consulta desde el formulario de contacto, y coordinamos una primera charla sin compromomiso y sin cargo para entender su situaci\u00f3n y los pr\u00f3ximos pasos.<\/p><\/div><\/div><\/div><\/div><\/div>\n\n\n\n<div class=\"wp-block-uagb-container uagb-block-91470b8d alignfull uagb-is-root-container\"><div class=\"uagb-container-inner-blocks-wrap\">\n<div class=\"wp-block-uagb-container uagb-block-79a79b00 alignfull uagb-is-root-container\"><div class=\"uagb-container-inner-blocks-wrap\">\n<section class=\"wp-block-atomic-wind-box alignfull bg-[#2B2B2B] px-6 py-24\">\n<div class=\"wp-block-atomic-wind-box mx-auto flex max-w-5xl flex-col gap-12\">\n<div class=\"wp-block-atomic-wind-box mx-auto flex max-w-2xl flex-col items-center gap-4 text-center\">\n<span class=\"wp-block-atomic-wind-text text-sm font-bold uppercase tracking-widest text-[#D08B20]\" data-rich-text=\"\"><strong><strong>no espere m\u00e1s<\/strong><\/strong><\/span>\n\n\n\n<h2 class=\"wp-block-atomic-wind-text text-4xl font-bold tracking-tight text-[#92825E]\" data-rich-text=\"\"><strong>Empecemos a trabajar en la venta de su campo<\/strong><\/h2>\n\n\n\n<p class=\"wp-block-atomic-wind-text text-lg text-[#ffffff]\" data-rich-text=\"\">Cu\u00e9ntenos su situaci\u00f3n y le respondemos con informaci\u00f3n concreta, sin vueltas.<\/p>\n<\/div>\n\n\n\n<div class=\"wp-block-atomic-wind-box grid gap-6 md:grid-cols-3\">\n<div class=\"wp-block-atomic-wind-box flex flex-col items-start gap-4 rounded-2xl border border-neutral-200 bg-[#92825E] p-4 transition hover:border-indigo-300 hover:shadow-lg\">\n<div class=\"wp-block-atomic-wind-box flex size-12 items-center justify-center rounded-xl bg-[#2B2B2B]\"><svg class=\"size-6 text-[#D08B20] wp-block-atomic-wind-icon\" viewBox=\"0 0 24 24\" fill=\"none\" stroke=\"currentColor\" stroke-width=\"2\" stroke-linecap=\"round\" stroke-linejoin=\"round\"><path d=\"m22 7-8.991 5.727a2 2 0 0 1-2.009 0L2 7\" \/><rect x=\"2\" y=\"4\" width=\"20\" height=\"16\" rx=\"2\" \/><\/svg><\/div>\n\n\n\n<div class=\"wp-block-atomic-wind-box flex flex-col gap-1\">\n<span class=\"wp-block-atomic-wind-text text-sm font-bold uppercase tracking-widest text-[#ffffff]\" data-rich-text=\"\">Email<\/span>\n\n\n\n<p class=\"wp-block-atomic-wind-text text-sm text-[#ffffff]\" data-rich-text=\"\">Escribinos cuando quieras<\/p>\n<\/div>\n\n\n\n<a class=\"wp-block-atomic-wind-link inline-flex items-center gap-1 text-base font-bold text-[#ffffff] transition hover:text-[#2B2B2B]\" href=\"#\">info@camposenentrerios.com<\/a>\n<\/div>\n\n\n\n<div class=\"wp-block-atomic-wind-box flex flex-col items-start gap-4 rounded-2xl border border-neutral-200 bg-[#92825E] p-4 transition hover:border-indigo-300 hover:shadow-lg\">\n<div class=\"wp-block-atomic-wind-box flex size-12 items-center justify-center rounded-xl bg-[#2B2B2B]\"><svg class=\"size-6 text-[#D08B20] wp-block-atomic-wind-icon\" viewBox=\"0 0 24 24\" fill=\"none\" stroke=\"currentColor\" stroke-width=\"2\" stroke-linecap=\"round\" stroke-linejoin=\"round\"><path d=\"M13.832 16.568a1 1 0 0 0 1.213-.303l.355-.465A2 2 0 0 1 17 15h3a2 2 0 0 1 2 2v3a2 2 0 0 1-2 2A18 18 0 0 1 2 4a2 2 0 0 1 2-2h3a2 2 0 0 1 2 2v3a2 2 0 0 1-.8 1.6l-.468.351a1 1 0 0 0-.292 1.233 14 14 0 0 0 6.392 6.384\" \/><\/svg><\/div>\n\n\n\n<div class=\"wp-block-atomic-wind-box flex flex-col gap-1\">\n<span class=\"wp-block-atomic-wind-text text-sm font-bold uppercase tracking-widest text-[#ffffff]\" data-rich-text=\"\">Llamanos<\/span>\n\n\n\n<p class=\"wp-block-atomic-wind-text text-sm text-[#ffffff]\" data-rich-text=\"\">A tu disposici\u00f3n<\/p>\n<\/div>\n\n\n\n<a class=\"wp-block-atomic-wind-link inline-flex items-center gap-1 text-base font-bold text-[#ffffff] transition hover:text-[#2B2B2B]\" href=\"#\">+54 9 343 4718158<\/a>\n<\/div>\n\n\n\n<div class=\"wp-block-atomic-wind-box flex flex-col items-start gap-4 rounded-2xl border border-neutral-200 bg-[#92825E] p-4 transition hover:border-indigo-300 hover:shadow-lg\">\n<div class=\"wp-block-atomic-wind-box flex size-12 items-center justify-center rounded-xl bg-[#2B2B2B]\"><svg class=\"size-6 text-[#D08B20] wp-block-atomic-wind-icon\" viewBox=\"0 0 24 24\" fill=\"none\" stroke=\"currentColor\" stroke-width=\"2\" stroke-linecap=\"round\" stroke-linejoin=\"round\"><path d=\"M20 10c0 4.993-5.539 10.193-7.399 11.799a1 1 0 0 1-1.202 0C9.539 20.193 4 14.993 4 10a8 8 0 0 1 16 0\" \/><circle cx=\"12\" cy=\"10\" r=\"3\" \/><\/svg><\/div>\n\n\n\n<div class=\"wp-block-atomic-wind-box flex flex-col gap-1\">\n<span class=\"wp-block-atomic-wind-text text-sm font-bold uppercase tracking-widest text-[#ffffff]\" data-rich-text=\"\">Visitanos<\/span>\n\n\n\n<p class=\"wp-block-atomic-wind-text text-sm text-[#ffffff]\" data-rich-text=\"\">En Oro Verde<\/p>\n<\/div>\n\n\n\n<a class=\"wp-block-atomic-wind-link inline-flex items-center gap-1 text-base font-bold text-[#ffffff] transition hover:text-[#2B2B2B]\" href=\"#\">Av. Los Cha\u00f1ares 120 Oficina 2<\/a>\n<\/div>\n<\/div>\n\n\n\n<div class=\"wp-block-atomic-wind-box flex flex-col items-center justify-between gap-6 rounded-2xl bg-neutral-50 p-8 sm:flex-row\">\n<div class=\"wp-block-atomic-wind-box flex items-center gap-3\"><svg class=\"size-5 text-indigo-600 m-0 wp-block-atomic-wind-icon\" viewBox=\"0 0 24 24\" fill=\"none\" stroke=\"currentColor\" stroke-width=\"2\" stroke-linecap=\"round\" stroke-linejoin=\"round\"><circle cx=\"12\" cy=\"12\" r=\"10\" \/><path d=\"M12 6v6l4 2\" \/><\/svg>\n\n\n<span class=\"wp-block-atomic-wind-text text-sm font-medium text-neutral-700 m-0\" data-rich-text=\"\"><strong>Horarios de Oficina<\/strong> : <br><strong>Lunes a Viernes:<\/strong> 09:00 &#8211; 12:00, 16:00 &#8211; 19:00 | <strong>S\u00e1bados:<\/strong> 09:00 &#8211; 12:00 | <strong>Domingos:<\/strong> Cerrado<\/span>\n<\/div>\n\n\n\n<div class=\"wp-block-atomic-wind-box flex items-center gap-3\">\n<a class=\"wp-block-atomic-wind-link flex size-10 items-center justify-center rounded-full border border-neutral-300 text-neutral-600 transition hover:border-[#D08B20] hover:text-[#D08B20]\" href=\"https:\/\/www.instagram.com\/camposenentrerios\/\" target=\"_blank\" rel=\"noopener noreferrer\"><svg class=\"size-5 m-0 wp-block-atomic-wind-icon\" viewBox=\"0 0 24 24\" fill=\"none\" stroke=\"currentColor\" stroke-width=\"2\" stroke-linecap=\"round\" stroke-linejoin=\"round\"><rect width=\"20\" height=\"20\" x=\"2\" y=\"2\" rx=\"5\" ry=\"5\" \/><path d=\"M16 11.37A4 4 0 1 1 12.63 8 4 4 0 0 1 16 11.37z\" \/><line x1=\"17.5\" x2=\"17.51\" y1=\"6.5\" y2=\"6.5\" \/><\/svg><\/a>\n\n\n\n<a class=\"wp-block-atomic-wind-link flex size-10 items-center justify-center rounded-full border border-neutral-300 text-neutral-600 transition hover:border-[#D08B20] hover:text-[#D08B20]\" href=\"https:\/\/www.youtube.com\/@camposenentrerios\" target=\"_blank\" rel=\"noopener noreferrer\"><svg class=\"size-5 m-0 wp-block-atomic-wind-icon\" viewBox=\"0 0 24 24\" fill=\"none\" stroke=\"currentColor\" stroke-width=\"2\" stroke-linecap=\"round\" stroke-linejoin=\"round\"><path d=\"M2.5 17a24.12 24.12 0 0 1 0-10 2 2 0 0 1 1.4-1.4 49.56 49.56 0 0 1 16.2 0A2 2 0 0 1 21.5 7a24.12 24.12 0 0 1 0 10 2 2 0 0 1-1.4 1.4 49.55 49.55 0 0 1-16.2 0A2 2 0 0 1 2.5 17\" \/><path d=\"m10 15 5-3-5-3z\" \/><\/svg><\/a>\n\n\n\n<a class=\"wp-block-atomic-wind-link flex size-10 items-center justify-center rounded-full border border-neutral-300 text-neutral-600 transition hover:border-[#D08B20] hover:text-[#D08B20]\" href=\"https:\/\/www.facebook.com\/camposenentrerios\" target=\"_blank\" rel=\"noopener noreferrer\"><svg class=\"size-5 m-0 wp-block-atomic-wind-icon\" viewBox=\"0 0 24 24\" fill=\"none\" stroke=\"currentColor\" stroke-width=\"2\" stroke-linecap=\"round\" stroke-linejoin=\"round\"><path d=\"M18 2h-3a5 5 0 0 0-5 5v3H7v4h3v8h4v-8h3l1-4h-4V7a1 1 0 0 1 1-1h3z\" \/><\/svg><\/a>\n\n\n\n<a class=\"wp-block-atomic-wind-link flex size-10 items-center justify-center rounded-full border border-neutral-300 text-neutral-600 transition hover:border-[#D08B20] hover:text-[#D08B20]\" href=\"https:\/\/www.linkedin.com\/company\/camposenentrerios\/\" target=\"_blank\" rel=\"noopener noreferrer\"><svg class=\"size-5 m-0 wp-block-atomic-wind-icon\" viewBox=\"0 0 24 24\" fill=\"none\" stroke=\"currentColor\" stroke-width=\"2\" stroke-linecap=\"round\" stroke-linejoin=\"round\"><path d=\"M16 8a6 6 0 0 1 6 6v7h-4v-7a2 2 0 0 0-2-2 2 2 0 0 0-2 2v7h-4v-7a6 6 0 0 1 6-6z\" \/><rect width=\"4\" height=\"12\" x=\"2\" y=\"9\" \/><circle cx=\"4\" cy=\"4\" r=\"2\" \/><\/svg><\/a>\n<\/div>\n<\/div>\n<\/div>\n<\/section>\n\n\n\n<p class=\"has-nv-light-bg-color has-text-color has-link-color wp-elements-8 wp-block-paragraph\">Para conocer m\u00e1s, puede visitar&nbsp;<a href=\"https:\/\/camposenentrerios.com\/nosotros\/\">Nosotros<\/a>, ver&nbsp;<a href=\"https:\/\/camposenentrerios.com\/portfolio\/\">nuestro portfolio de propiedades<\/a>, revisar m\u00e1s&nbsp;<a href=\"https:\/\/camposenentrerios.com\/#Preguntas-Frecuentes\">preguntas frecuentes<\/a>&nbsp;o escribirnos desde&nbsp;<a href=\"https:\/\/camposenentrerios.com\/campos-en-venta-contacto\/\">contacto<\/a>.<\/p>\n<\/div><\/div>\n<\/div><\/div>\n\n\n\n<p class=\"wp-block-paragraph\"><\/p>\n","protected":false},"excerpt":{"rendered":"<p>Campos en Entre R\u00edos acompa\u00f1a la venta de campos, chacras y establecimientos agropecuarios en toda la provincia, con base en Oro Verde (Paran\u00e1). El servicio combina evaluaci\u00f3n t\u00e9cnica de la propiedad, gesti\u00f3n documental, marketing con fotograf\u00eda a\u00e9rea, acceso a una cartera de contactos e inversores, y acompa\u00f1amiento en la negociaci\u00f3n \u2014 pensado tanto para quien&hellip;&nbsp;<a href=\"https:\/\/camposenentrerios.com\/en\/vender-mi-campo-en-entre-rios\/\" rel=\"bookmark\">Read More \u00bb<span class=\"screen-reader-text\">Vender mi Campo en Entre R\u00edos<\/span><\/a><\/p>","protected":false},"author":1,"featured_media":3448,"parent":0,"menu_order":0,"comment_status":"closed","ping_status":"closed","template":"","meta":{"_uag_custom_page_level_css":"","neve_meta_sidebar":"","neve_meta_container":"","neve_meta_enable_content_width":"","neve_meta_content_width":0,"neve_meta_title_alignment":"","neve_meta_author_avatar":"","neve_post_elements_order":"","neve_meta_disable_header":"","neve_meta_disable_footer":"","neve_meta_disable_title":"","_themeisle_gutenberg_block_has_review":false,"footnotes":""},"class_list":["post-3412","page","type-page","status-publish","has-post-thumbnail","hentry"],"yoast_head":"<!-- This site is optimized with the Yoast SEO plugin v28.4 - https:\/\/yoast.com\/product\/yoast-seo-wordpress\/ -->\n<title>Vender mi Campo en Entre R\u00edos | Asesoramiento Profesional<\/title>\n<meta name=\"description\" content=\"Venda su campo o chacra en Entre R\u00edos con acompa\u00f1amiento profesional: evaluaci\u00f3n, documentaci\u00f3n y red de contactos. Consulte sin cargo.\" \/>\n<meta name=\"robots\" content=\"index, follow, max-snippet:-1, max-image-preview:large, max-video-preview:-1\" \/>\n<link rel=\"canonical\" href=\"https:\/\/camposenentrerios.com\/en\/vender-mi-campo-en-entre-rios\/\" \/>\n<meta property=\"og:locale\" content=\"en_US\" \/>\n<meta property=\"og:type\" content=\"article\" \/>\n<meta property=\"og:title\" content=\"Vender mi Campo en Entre R\u00edos | Asesoramiento Profesional\" \/>\n<meta property=\"og:description\" content=\"Venda su campo o chacra en Entre R\u00edos con acompa\u00f1amiento profesional: evaluaci\u00f3n, documentaci\u00f3n y red de contactos. Consulte sin cargo.\" \/>\n<meta property=\"og:url\" content=\"https:\/\/camposenentrerios.com\/en\/vender-mi-campo-en-entre-rios\/\" \/>\n<meta property=\"og:site_name\" content=\"Campos en Entre R\u00edos\" \/>\n<meta property=\"article:publisher\" content=\"https:\/\/www.facebook.com\/camposenentrerios\/\" \/>\n<meta property=\"article:modified_time\" content=\"2026-09-05T00:41:33+00:00\" \/>\n<meta name=\"twitter:card\" content=\"summary_large_image\" \/>\n<meta name=\"twitter:label1\" content=\"Est. reading time\" \/>\n\t<meta name=\"twitter:data1\" content=\"7 minutes\" \/>\n<script type=\"application\/ld+json\" class=\"yoast-schema-graph\">{\"@context\":\"https:\\\/\\\/schema.org\",\"@graph\":[{\"@type\":\"Article\",\"@id\":\"https:\\\/\\\/camposenentrerios.com\\\/vender-mi-campo-en-entre-rios\\\/#article\",\"isPartOf\":{\"@id\":\"https:\\\/\\\/camposenentrerios.com\\\/vender-mi-campo-en-entre-rios\\\/\"},\"author\":{\"name\":\"Campos en Entre Rios\",\"@id\":\"https:\\\/\\\/camposenentrerios.com\\\/#\\\/schema\\\/person\\\/a79ccf8cf9159974c61f78bb8741968f\"},\"headline\":\"Vender mi Campo en Entre R\u00edos\",\"datePublished\":\"2026-09-05T00:40:56+00:00\",\"dateModified\":\"2026-09-05T00:41:33+00:00\",\"mainEntityOfPage\":{\"@id\":\"https:\\\/\\\/camposenentrerios.com\\\/vender-mi-campo-en-entre-rios\\\/\"},\"wordCount\":1315,\"publisher\":{\"@id\":\"https:\\\/\\\/camposenentrerios.com\\\/#organization\"},\"image\":{\"@id\":\"https:\\\/\\\/camposenentrerios.com\\\/vender-mi-campo-en-entre-rios\\\/#primaryimage\"},\"thumbnailUrl\":\"https:\\\/\\\/camposenentrerios.com\\\/wp-content\\\/uploads\\\/2026\\\/09\\\/campo-en-venta-tranquera.avif\",\"inLanguage\":\"en-US\"},{\"@type\":\"WebPage\",\"@id\":\"https:\\\/\\\/camposenentrerios.com\\\/vender-mi-campo-en-entre-rios\\\/\",\"url\":\"https:\\\/\\\/camposenentrerios.com\\\/vender-mi-campo-en-entre-rios\\\/\",\"name\":\"Vender mi Campo en Entre R\u00edos | Asesoramiento Profesional\",\"isPartOf\":{\"@id\":\"https:\\\/\\\/camposenentrerios.com\\\/#website\"},\"primaryImageOfPage\":{\"@id\":\"https:\\\/\\\/camposenentrerios.com\\\/vender-mi-campo-en-entre-rios\\\/#primaryimage\"},\"image\":{\"@id\":\"https:\\\/\\\/camposenentrerios.com\\\/vender-mi-campo-en-entre-rios\\\/#primaryimage\"},\"thumbnailUrl\":\"https:\\\/\\\/camposenentrerios.com\\\/wp-content\\\/uploads\\\/2026\\\/09\\\/campo-en-venta-tranquera.avif\",\"datePublished\":\"2026-09-05T00:40:56+00:00\",\"dateModified\":\"2026-09-05T00:41:33+00:00\",\"description\":\"Venda su campo o chacra en Entre R\u00edos con acompa\u00f1amiento profesional: evaluaci\u00f3n, documentaci\u00f3n y red de contactos. Consulte sin cargo.\",\"breadcrumb\":{\"@id\":\"https:\\\/\\\/camposenentrerios.com\\\/vender-mi-campo-en-entre-rios\\\/#breadcrumb\"},\"inLanguage\":\"en-US\",\"potentialAction\":[{\"@type\":\"ReadAction\",\"target\":[\"https:\\\/\\\/camposenentrerios.com\\\/vender-mi-campo-en-entre-rios\\\/\"]}]},{\"@type\":\"ImageObject\",\"inLanguage\":\"en-US\",\"@id\":\"https:\\\/\\\/camposenentrerios.com\\\/vender-mi-campo-en-entre-rios\\\/#primaryimage\",\"url\":\"https:\\\/\\\/camposenentrerios.com\\\/wp-content\\\/uploads\\\/2026\\\/09\\\/campo-en-venta-tranquera.avif\",\"contentUrl\":\"https:\\\/\\\/camposenentrerios.com\\\/wp-content\\\/uploads\\\/2026\\\/09\\\/campo-en-venta-tranquera.avif\",\"width\":1376,\"height\":768,\"caption\":\"productor en la tranquera de campo en venta\"},{\"@type\":\"BreadcrumbList\",\"@id\":\"https:\\\/\\\/camposenentrerios.com\\\/vender-mi-campo-en-entre-rios\\\/#breadcrumb\",\"itemListElement\":[{\"@type\":\"ListItem\",\"position\":1,\"name\":\"Inicio\",\"item\":\"https:\\\/\\\/camposenentrerios.com\\\/\"},{\"@type\":\"ListItem\",\"position\":2,\"name\":\"Vender mi Campo en Entre R\u00edos\"}]},{\"@type\":\"WebSite\",\"@id\":\"https:\\\/\\\/camposenentrerios.com\\\/#website\",\"url\":\"https:\\\/\\\/camposenentrerios.com\\\/\",\"name\":\"Campos en Entre R\u00edos\u00ae\",\"description\":\"Inmobiliaria rural l\u00edder en Entre R\u00edos. Venta de campos agr\u00edcolas, mixtos y ganaderos. Asesoramiento t\u00e9cnico especializado. Marca Registrada\u00ae con respaldo profesional.\",\"publisher\":{\"@id\":\"https:\\\/\\\/camposenentrerios.com\\\/#organization\"},\"alternateName\":\"Campos en Entre Rios\",\"potentialAction\":[{\"@type\":\"SearchAction\",\"target\":{\"@type\":\"EntryPoint\",\"urlTemplate\":\"https:\\\/\\\/camposenentrerios.com\\\/?s={search_term_string}\"},\"query-input\":{\"@type\":\"PropertyValueSpecification\",\"valueRequired\":true,\"valueName\":\"search_term_string\"}}],\"inLanguage\":\"en-US\"},{\"@type\":\"Organization\",\"@id\":\"https:\\\/\\\/camposenentrerios.com\\\/#organization\",\"name\":\"Campos en Entre R\u00edos\u00ae\",\"alternateName\":\"Campos en Entre Rios\",\"url\":\"https:\\\/\\\/camposenentrerios.com\\\/\",\"logo\":{\"@type\":\"ImageObject\",\"inLanguage\":\"en-US\",\"@id\":\"https:\\\/\\\/camposenentrerios.com\\\/#\\\/schema\\\/logo\\\/image\\\/\",\"url\":\"https:\\\/\\\/camposenentrerios.com\\\/wp-content\\\/uploads\\\/2025\\\/03\\\/Logo-campos-en-entre-rios.webp\",\"contentUrl\":\"https:\\\/\\\/camposenentrerios.com\\\/wp-content\\\/uploads\\\/2025\\\/03\\\/Logo-campos-en-entre-rios.webp\",\"width\":324,\"height\":324,\"caption\":\"Campos en Entre R\u00edos\u00ae\"},\"image\":{\"@id\":\"https:\\\/\\\/camposenentrerios.com\\\/#\\\/schema\\\/logo\\\/image\\\/\"},\"sameAs\":[\"https:\\\/\\\/www.facebook.com\\\/camposenentrerios\\\/\",\"https:\\\/\\\/www.instagram.com\\\/camposenentrerios\\\/\",\"https:\\\/\\\/www.youtube.com\\\/channel\\\/UCg91gblU8Pwy_BNg8pqmDmQ\",\"https:\\\/\\\/www.tiktok.com\\\/@camposenentrerios\"]},{\"@type\":\"Person\",\"@id\":\"https:\\\/\\\/camposenentrerios.com\\\/#\\\/schema\\\/person\\\/a79ccf8cf9159974c61f78bb8741968f\",\"name\":\"Campos en Entre Rios\",\"image\":{\"@type\":\"ImageObject\",\"inLanguage\":\"en-US\",\"@id\":\"https:\\\/\\\/camposenentrerios.com\\\/wp-content\\\/litespeed\\\/avatar\\\/40d1dee60849c9e864a46a74fa6845b2.jpg?ver=1788572666\",\"url\":\"https:\\\/\\\/camposenentrerios.com\\\/wp-content\\\/litespeed\\\/avatar\\\/40d1dee60849c9e864a46a74fa6845b2.jpg?ver=1788572666\",\"contentUrl\":\"https:\\\/\\\/camposenentrerios.com\\\/wp-content\\\/litespeed\\\/avatar\\\/40d1dee60849c9e864a46a74fa6845b2.jpg?ver=1788572666\",\"caption\":\"Campos en Entre Rios\"},\"sameAs\":[\"https:\\\/\\\/camposenentrerios.com\",\"cristianfranzot@hotmail.com\"],\"url\":\"https:\\\/\\\/camposenentrerios.com\\\/en\\\/author\\\/cristianfranzot\\\/\"}]}<\/script>\n<!-- \/ Yoast SEO plugin. -->","yoast_head_json":{"title":"Vender mi Campo en Entre R\u00edos | Asesoramiento Profesional","description":"Venda su campo o chacra en Entre R\u00edos con acompa\u00f1amiento profesional: evaluaci\u00f3n, documentaci\u00f3n y red de contactos. Consulte sin cargo.","robots":{"index":"index","follow":"follow","max-snippet":"max-snippet:-1","max-image-preview":"max-image-preview:large","max-video-preview":"max-video-preview:-1"},"canonical":"https:\/\/camposenentrerios.com\/en\/vender-mi-campo-en-entre-rios\/","og_locale":"en_US","og_type":"article","og_title":"Vender mi Campo en Entre R\u00edos | Asesoramiento Profesional","og_description":"Venda su campo o chacra en Entre R\u00edos con acompa\u00f1amiento profesional: evaluaci\u00f3n, documentaci\u00f3n y red de contactos. Consulte sin cargo.","og_url":"https:\/\/camposenentrerios.com\/en\/vender-mi-campo-en-entre-rios\/","og_site_name":"Campos en Entre R\u00edos","article_publisher":"https:\/\/www.facebook.com\/camposenentrerios\/","article_modified_time":"2026-09-05T00:41:33+00:00","twitter_card":"summary_large_image","twitter_misc":{"Est. reading time":"7 minutes"},"schema":{"@context":"https:\/\/schema.org","@graph":[{"@type":"Article","@id":"https:\/\/camposenentrerios.com\/vender-mi-campo-en-entre-rios\/#article","isPartOf":{"@id":"https:\/\/camposenentrerios.com\/vender-mi-campo-en-entre-rios\/"},"author":{"name":"Campos en Entre Rios","@id":"https:\/\/camposenentrerios.com\/#\/schema\/person\/a79ccf8cf9159974c61f78bb8741968f"},"headline":"Vender mi Campo en Entre R\u00edos","datePublished":"2026-09-05T00:40:56+00:00","dateModified":"2026-09-05T00:41:33+00:00","mainEntityOfPage":{"@id":"https:\/\/camposenentrerios.com\/vender-mi-campo-en-entre-rios\/"},"wordCount":1315,"publisher":{"@id":"https:\/\/camposenentrerios.com\/#organization"},"image":{"@id":"https:\/\/camposenentrerios.com\/vender-mi-campo-en-entre-rios\/#primaryimage"},"thumbnailUrl":"https:\/\/camposenentrerios.com\/wp-content\/uploads\/2026\/09\/campo-en-venta-tranquera.avif","inLanguage":"en-US"},{"@type":"WebPage","@id":"https:\/\/camposenentrerios.com\/vender-mi-campo-en-entre-rios\/","url":"https:\/\/camposenentrerios.com\/vender-mi-campo-en-entre-rios\/","name":"Vender mi Campo en Entre R\u00edos | Asesoramiento Profesional","isPartOf":{"@id":"https:\/\/camposenentrerios.com\/#website"},"primaryImageOfPage":{"@id":"https:\/\/camposenentrerios.com\/vender-mi-campo-en-entre-rios\/#primaryimage"},"image":{"@id":"https:\/\/camposenentrerios.com\/vender-mi-campo-en-entre-rios\/#primaryimage"},"thumbnailUrl":"https:\/\/camposenentrerios.com\/wp-content\/uploads\/2026\/09\/campo-en-venta-tranquera.avif","datePublished":"2026-09-05T00:40:56+00:00","dateModified":"2026-09-05T00:41:33+00:00","description":"Venda su campo o chacra en Entre R\u00edos con acompa\u00f1amiento profesional: evaluaci\u00f3n, documentaci\u00f3n y red de contactos. Consulte sin cargo.","breadcrumb":{"@id":"https:\/\/camposenentrerios.com\/vender-mi-campo-en-entre-rios\/#breadcrumb"},"inLanguage":"en-US","potentialAction":[{"@type":"ReadAction","target":["https:\/\/camposenentrerios.com\/vender-mi-campo-en-entre-rios\/"]}]},{"@type":"ImageObject","inLanguage":"en-US","@id":"https:\/\/camposenentrerios.com\/vender-mi-campo-en-entre-rios\/#primaryimage","url":"https:\/\/camposenentrerios.com\/wp-content\/uploads\/2026\/09\/campo-en-venta-tranquera.avif","contentUrl":"https:\/\/camposenentrerios.com\/wp-content\/uploads\/2026\/09\/campo-en-venta-tranquera.avif","width":1376,"height":768,"caption":"productor en la tranquera de campo en venta"},{"@type":"BreadcrumbList","@id":"https:\/\/camposenentrerios.com\/vender-mi-campo-en-entre-rios\/#breadcrumb","itemListElement":[{"@type":"ListItem","position":1,"name":"Inicio","item":"https:\/\/camposenentrerios.com\/"},{"@type":"ListItem","position":2,"name":"Vender mi Campo en Entre R\u00edos"}]},{"@type":"WebSite","@id":"https:\/\/camposenentrerios.com\/#website","url":"https:\/\/camposenentrerios.com\/","name":"Fields in Entre R\u00edos\u00ae","description":"Leading rural real estate agency in Entre R\u00edos. Sale of agricultural, mixed-use, and livestock properties. Specialized technical advice. Registered Trademark\u00ae with professional support.","publisher":{"@id":"https:\/\/camposenentrerios.com\/#organization"},"alternateName":"Campos en Entre Rios","potentialAction":[{"@type":"SearchAction","target":{"@type":"EntryPoint","urlTemplate":"https:\/\/camposenentrerios.com\/?s={search_term_string}"},"query-input":{"@type":"PropertyValueSpecification","valueRequired":true,"valueName":"search_term_string"}}],"inLanguage":"en-US"},{"@type":"Organization","@id":"https:\/\/camposenentrerios.com\/#organization","name":"Fields in Entre R\u00edos\u00ae","alternateName":"Campos en Entre Rios","url":"https:\/\/camposenentrerios.com\/","logo":{"@type":"ImageObject","inLanguage":"en-US","@id":"https:\/\/camposenentrerios.com\/#\/schema\/logo\/image\/","url":"https:\/\/camposenentrerios.com\/wp-content\/uploads\/2025\/03\/Logo-campos-en-entre-rios.webp","contentUrl":"https:\/\/camposenentrerios.com\/wp-content\/uploads\/2025\/03\/Logo-campos-en-entre-rios.webp","width":324,"height":324,"caption":"Campos en Entre R\u00edos\u00ae"},"image":{"@id":"https:\/\/camposenentrerios.com\/#\/schema\/logo\/image\/"},"sameAs":["https:\/\/www.facebook.com\/camposenentrerios\/","https:\/\/www.instagram.com\/camposenentrerios\/","https:\/\/www.youtube.com\/channel\/UCg91gblU8Pwy_BNg8pqmDmQ","https:\/\/www.tiktok.com\/@camposenentrerios"]},{"@type":"Person","@id":"https:\/\/camposenentrerios.com\/#\/schema\/person\/a79ccf8cf9159974c61f78bb8741968f","name":"Fields in Entre Rios","image":{"@type":"ImageObject","inLanguage":"en-US","@id":"https:\/\/camposenentrerios.com\/wp-content\/litespeed\/avatar\/40d1dee60849c9e864a46a74fa6845b2.jpg?ver=1788572666","url":"https:\/\/camposenentrerios.com\/wp-content\/litespeed\/avatar\/40d1dee60849c9e864a46a74fa6845b2.jpg?ver=1788572666","contentUrl":"https:\/\/camposenentrerios.com\/wp-content\/litespeed\/avatar\/40d1dee60849c9e864a46a74fa6845b2.jpg?ver=1788572666","caption":"Campos en Entre Rios"},"sameAs":["https:\/\/camposenentrerios.com","cristianfranzot@hotmail.com"],"url":"https:\/\/camposenentrerios.com\/en\/author\/cristianfranzot\/"}]}},"uagb_featured_image_src":{"full":["https:\/\/camposenentrerios.com\/wp-content\/uploads\/2026\/09\/campo-en-venta-tranquera.avif",1376,768,false],"thumbnail":["https:\/\/camposenentrerios.com\/wp-content\/uploads\/2026\/09\/campo-en-venta-tranquera-150x150.avif",150,150,true],"medium":["https:\/\/camposenentrerios.com\/wp-content\/uploads\/2026\/09\/campo-en-venta-tranquera-300x167.avif",300,167,true],"medium_large":["https:\/\/camposenentrerios.com\/wp-content\/uploads\/2026\/09\/campo-en-venta-tranquera-768x429.avif",768,429,true],"large":["https:\/\/camposenentrerios.com\/wp-content\/uploads\/2026\/09\/campo-en-venta-tranquera-1024x572.avif",1024,572,true],"1536x1536":["https:\/\/camposenentrerios.com\/wp-content\/uploads\/2026\/09\/campo-en-venta-tranquera.avif",1376,768,false],"2048x2048":["https:\/\/camposenentrerios.com\/wp-content\/uploads\/2026\/09\/campo-en-venta-tranquera.avif",1376,768,false],"trp-custom-language-flag":["https:\/\/camposenentrerios.com\/wp-content\/uploads\/2026\/09\/campo-en-venta-tranquera-18x10.avif",18,10,true],"neve-blog":["https:\/\/camposenentrerios.com\/wp-content\/uploads\/2026\/09\/campo-en-venta-tranquera-930x620.avif",930,620,true],"woocommerce_thumbnail":["https:\/\/camposenentrerios.com\/wp-content\/uploads\/2026\/09\/campo-en-venta-tranquera-300x167.avif",300,167,true],"woocommerce_single":["https:\/\/camposenentrerios.com\/wp-content\/uploads\/2026\/09\/campo-en-venta-tranquera-600x335.avif",600,335,true],"woocommerce_gallery_thumbnail":["https:\/\/camposenentrerios.com\/wp-content\/uploads\/2026\/09\/campo-en-venta-tranquera-100x100.avif",100,100,true]},"uagb_author_info":{"display_name":"Campos en Entre Rios","author_link":"https:\/\/camposenentrerios.com\/en\/author\/cristianfranzot\/"},"uagb_comment_info":0,"uagb_excerpt":"Campos en Entre R\u00edos acompa\u00f1a la venta de campos, chacras y establecimientos agropecuarios en toda la provincia, con base en Oro Verde (Paran\u00e1). El servicio combina evaluaci\u00f3n t\u00e9cnica de la propiedad, gesti\u00f3n documental, marketing con fotograf\u00eda a\u00e9rea, acceso a una cartera de contactos e inversores, y acompa\u00f1amiento en la negociaci\u00f3n \u2014 pensado tanto para quien&hellip;&nbsp;Read&hellip;","_links":{"self":[{"href":"https:\/\/camposenentrerios.com\/en\/wp-json\/wp\/v2\/pages\/3412","targetHints":{"allow":["GET"]}}],"collection":[{"href":"https:\/\/camposenentrerios.com\/en\/wp-json\/wp\/v2\/pages"}],"about":[{"href":"https:\/\/camposenentrerios.com\/en\/wp-json\/wp\/v2\/types\/page"}],"author":[{"embeddable":true,"href":"https:\/\/camposenentrerios.com\/en\/wp-json\/wp\/v2\/users\/1"}],"replies":[{"embeddable":true,"href":"https:\/\/camposenentrerios.com\/en\/wp-json\/wp\/v2\/comments?post=3412"}],"version-history":[{"count":40,"href":"https:\/\/camposenentrerios.com\/en\/wp-json\/wp\/v2\/pages\/3412\/revisions"}],"predecessor-version":[{"id":3458,"href":"https:\/\/camposenentrerios.com\/en\/wp-json\/wp\/v2\/pages\/3412\/revisions\/3458"}],"wp:featuredmedia":[{"embeddable":true,"href":"https:\/\/camposenentrerios.com\/en\/wp-json\/wp\/v2\/media\/3448"}],"wp:attachment":[{"href":"https:\/\/camposenentrerios.com\/en\/wp-json\/wp\/v2\/media?parent=3412"}],"curies":[{"name":"wp","href":"https:\/\/api.w.org\/{rel}","templated":true}]}}